{"id":1486,"date":"2022-02-08T15:58:53","date_gmt":"2022-02-08T15:58:53","guid":{"rendered":"https:\/\/www.cncinternational.eu\/?page_id=1486"},"modified":"2022-11-29T08:21:58","modified_gmt":"2022-11-29T08:21:58","slug":"noticias","status":"publish","type":"page","link":"https:\/\/test-temp-cnc.u-digital.nl\/es\/noticias\/","title":{"rendered":"Noticias"},"content":{"rendered":"  \t\n\t  <header class=\"main-header \">\n\t\t<!-- For mobile -->\n\t\t<div class=\"d-block d-sm-none\">\n\t\t  <div class=\"container-fluid px-0\">\n\t\t\t<div class=\"container g-0\">\n\t\t\t  <div class=\"row g-0 justify-content-start align-items-center\">\n\t\t\t\t<div class=\"col-12 d-sm-none\">\n\t\t\t\t  <div class=\"header-image\">\n\t\t\t\t\t\t\t\t\t\t<img fetchpriority=\"high\" decoding=\"async\" src=\"https:\/\/test-temp-cnc.u-digital.nl\/wp-content\/uploads\/2022\/01\/Gel-polish-trend-yellow-nails.jpg\" alt=\"CNC, inspirando a la industria profesional de las u\u00f1as\" width=\"2555\" height=\"1703\" loading=\"eager\">\n\t\t\t\t  <\/div>\n\t\t\t\t<\/div>\n\t\t\t\t<div class=\"offset-md-6 col-md-6\">\n\t\t\t\t  <div class=\"header-text\">\n\t\t\t\t\t<p class=\"mobile-title\">CNC, inspirando a la industria profesional de las u\u00f1as<\/p>\n\t\t\t\t\t<p>Todo sobre nuestros \u00faltimos avances en tecnolog\u00eda de u\u00f1as.<br \/>\n\u00a1Mantente adelante, mantente en tendencia!<\/p>\n\t\t\t\t\t\t\t\t\t\t\t\t\t\t  <\/div>\n\t\t\t\t<\/div>\n\t\t\t  <\/div>\n\t\t\t<\/div>\n\t\t  <\/div>\n\t\t<\/div>\n\t\t<!-- \/For mobile -->\n\t\t\n\t\t<!-- For desktop -->\n\t\t<div class=\"d-none d-sm-block\">\n\t\t  <div class=\"container-fluid px-0\" >\n\t\t\t<div class=\"header-bg\" style=\"background-image: url('https:\/\/test-temp-cnc.u-digital.nl\/wp-content\/uploads\/2022\/01\/Gel-polish-trend-yellow-nails.jpg');\">\n\t\t\t\t\n\t\t\t<\/div>\n\t\t\t<div class=\"container g-0\">\n\t\t\t  <div class=\"row g-0 justify-content-start align-items-center\">\n\t\t\t\t<div class=\"offset-md-6 col-md-6\">\n\t\t\t\t  <div class=\"header-text\">\n\t\t\t\t\t<h1>CNC, inspirando a la industria profesional de las u\u00f1as<\/h1>\n\t\t\t\t\t<p>Todo sobre nuestros \u00faltimos avances en tecnolog\u00eda de u\u00f1as.<br \/>\n\u00a1Mantente adelante, mantente en tendencia!<\/p>\n\t\t\t\t\n\t\t\t\t\t\t\t\t\t\t\t\t\t\t  <\/div>\n\t\t\t\t<\/div>\n\t\t\t  <\/div>\n\t\t\t<\/div>\n\t\t  <\/div>\n\t\t<\/div>\n\t\t<!-- \/For desktop -->\n\t  <\/header>\n\t  \n\t  \t\n\n\t<section class=\"news\">\n\t\t<div class=\"container p-0 \">\n    \t  <div class=\"row g-0\">\n\t\t\t<div class=\"col-12 overlap bg-white\">\n                                    <div class=\"welcome-box\">\n                                                    <h2>Noticias<\/h2>\n                                                                    <\/div>\n\t\t\t\t                          \n                                                        <!-- Start row -->\n                                    \n                                                                            \n                            <div class=\"row g-0 align-items-center\">\n                                <div class=\"col-12 col-md col-img img-wrapper\">\n                                    <img decoding=\"async\" src=\"https:\/\/test-temp-cnc.u-digital.nl\/wp-content\/uploads\/2024\/11\/CNC-Holiday-Selection-2024.jpg\" alt=\"Selecci\u00f3n de Esmaltes de Gel de Temporada CNC 2024: \u00a1celebra con estilo!\">\n                                <\/div>\n                                <div class=\"col-12 col-md col-excerpt\">\n                                    <div class=\"excerpt-wrapper\">\n                                        <h4><a href=\"https:\/\/test-temp-cnc.u-digital.nl\/es\/noticias\/selezione-di-gel-polish-stagionale-cnc-2024-celebra-con-stile\/\">Selecci\u00f3n de Esmaltes de Gel de Temporada CNC 2024: \u00a1celebra con estilo!<\/a><\/h4>\n                                        <p>Prep\u00e1rate para la temporada festiva con la lujosa y festiva colecci\u00f3n de esmaltes de gel de marca privada de CNC International para la temporada de fiestas de 2024. Dise\u00f1ada especialmente para inspirar, esta Selecci\u00f3n de Temporada presenta una impresionante gama de colores elegantes, brillantes y a la moda, perfectos para las celebraciones navide\u00f1as.<\/p>\n                                        \n                                                <a href=\"https:\/\/test-temp-cnc.u-digital.nl\/es\/noticias\/selezione-di-gel-polish-stagionale-cnc-2024-celebra-con-stile\/\" class=\"more-link\">Lee mas > ><\/a>\n                                            \n                                    <\/div>\n                                <\/div>\n                            <\/div>\n                            \n                                                    \n                        \n                        \n                        \n                    \n                                    \n                                                                            <div class=\"row g-0 align-items-center\">\n                                <div class=\"col-12 col-md col-excerpt\">\n                                    <div class=\"excerpt-wrapper\">\n                                    <h4><a href=\"https:\/\/test-temp-cnc.u-digital.nl\/es\/noticias\/colores-de-unas-invierno\/\">Colores de u\u00f1as invierno 2024<\/a><\/h4>\n                                    <p>Nuestra colecci\u00f3n de u\u00f1as de invierno 2024 trae una impresionante gama de colores de tendencia. Estilo de invierno en su mejor momento: \u00a1colores imprescindibles de esmalte en gel para 2024-2025!<\/p>\n                                    \n                                            <a href=\"https:\/\/test-temp-cnc.u-digital.nl\/es\/noticias\/colores-de-unas-invierno\/\" class=\"more-link\">Lee mas > ><\/a>\n                                        \n                                    <\/div>\n                                <\/div>\n                                <div class=\"col-12 col-md col-img img-wrapper\">\n                                    <img decoding=\"async\" src=\"https:\/\/test-temp-cnc.u-digital.nl\/wp-content\/uploads\/2023\/08\/NC-News-Winter-24.jpg\" alt=\"Colores de u\u00f1as invierno 2024\">\n                                <\/div>\n                            <\/div>\n                                                    \n                        \n                        \n                        \n                    \n                                    \n                                                                            \n                            <div class=\"row g-0 align-items-center\">\n                                <div class=\"col-12 col-md col-img img-wrapper\">\n                                    <img decoding=\"async\" src=\"https:\/\/test-temp-cnc.u-digital.nl\/wp-content\/uploads\/2023\/04\/CNC-News-Productaanbod-BOB-1445x813px-1.jpg\" alt=\"Brush-On-Builder gel!\">\n                                <\/div>\n                                <div class=\"col-12 col-md col-excerpt\">\n                                    <div class=\"excerpt-wrapper\">\n                                        <h4><a href=\"https:\/\/test-temp-cnc.u-digital.nl\/es\/noticias\/brush-on-builder-gel\/\">Brush-On-Builder gel!<\/a><\/h4>\n                                        <p>Gel constructor en una botella. Aplicaci\u00f3n f\u00e1cil y r\u00e1pida, directamente desde la botella. Ideal para superposiciones y extensiones cortas a medianas. 7 colores de cobertura, ahora ampliados con 4 nuevos colores.<\/p>\n                                        \n                                                <a href=\"https:\/\/test-temp-cnc.u-digital.nl\/es\/noticias\/brush-on-builder-gel\/\" class=\"more-link\">Lee mas > ><\/a>\n                                            \n                                    <\/div>\n                                <\/div>\n                            <\/div>\n                            \n                                                    \n                        \n                        \n                        \n                    \n                                    \n                                                                            <div class=\"row g-0 align-items-center\">\n                                <div class=\"col-12 col-md col-excerpt\">\n                                    <div class=\"excerpt-wrapper\">\n                                    <h4><a href=\"https:\/\/test-temp-cnc.u-digital.nl\/es\/noticias\/extended-uv-gel-lines\/\">Nuestros \u00faltimos desarrollos de productos<\/a><\/h4>\n                                    <p>Las l\u00edneas extendidas de geles UV de CNC incluyen: 4 nuevos colores en Elementary Gel, 2 nuevos colores brillantes en TXO Gel y 4 nuevos colores en Fiber Gel. \u00a1Todos libres de HEMA y TPO! \u00a1Lee m\u00e1s!<\/p>\n                                    \n                                            <a href=\"https:\/\/test-temp-cnc.u-digital.nl\/es\/noticias\/extended-uv-gel-lines\/\" class=\"more-link\">Lee mas > ><\/a>\n                                        \n                                    <\/div>\n                                <\/div>\n                                <div class=\"col-12 col-md col-img img-wrapper\">\n                                    <img decoding=\"async\" src=\"https:\/\/test-temp-cnc.u-digital.nl\/wp-content\/uploads\/2024\/04\/CNC-TXO-Gel-Banner.jpg\" alt=\"Nuestros \u00faltimos desarrollos de productos\">\n                                <\/div>\n                            <\/div>\n                                                    \n                        \n                        \n                        \n                    \n                                    \n                                                                            \n                            <div class=\"row g-0 align-items-center\">\n                                <div class=\"col-12 col-md col-img img-wrapper\">\n                                    <img decoding=\"async\" src=\"https:\/\/test-temp-cnc.u-digital.nl\/wp-content\/uploads\/2024\/04\/CNC-Fall-GP-Collection-2024.jpg\" alt=\"U\u00f1as oto\u00f1o 2024\">\n                                <\/div>\n                                <div class=\"col-12 col-md col-excerpt\">\n                                    <div class=\"excerpt-wrapper\">\n                                        <h4><a href=\"https:\/\/test-temp-cnc.u-digital.nl\/es\/noticias\/unas-otono\/\">U\u00f1as oto\u00f1o 2024<\/a><\/h4>\n                                        <p>\u00a1Los mejores colores de moda para el oto\u00f1o de 2024 se encuentran en la colecci\u00f3n de esmaltes de gel CNC Fall!<\/p>\n                                        \n                                                <a href=\"https:\/\/test-temp-cnc.u-digital.nl\/es\/noticias\/unas-otono\/\" class=\"more-link\">Lee mas > ><\/a>\n                                            \n                                    <\/div>\n                                <\/div>\n                            <\/div>\n                            \n                                                    \n                        \n                        \n                        \n                    \n                                    \n                                                                            <div class=\"row g-0 align-items-center\">\n                                <div class=\"col-12 col-md col-excerpt\">\n                                    <div class=\"excerpt-wrapper\">\n                                    <h4><a href=\"https:\/\/test-temp-cnc.u-digital.nl\/es\/noticias\/brush-on-fiber-gel\/\">Brush-on Fiber Gel &#8211; \u00a1Nuevo!<\/a><\/h4>\n                                    <p>El \u00faltimo gel UV de CNC: Gel de Fibra para Aplicar con Pincel. Gel constructor duro y flexible en un frasco, aplicado f\u00e1cilmente como esmalte de gel. Libre de HEMA y TPO. Lee m\u00e1s.<\/p>\n                                    \n                                            <a href=\"https:\/\/test-temp-cnc.u-digital.nl\/es\/noticias\/brush-on-fiber-gel\/\" class=\"more-link\">Lee mas > ><\/a>\n                                        \n                                    <\/div>\n                                <\/div>\n                                <div class=\"col-12 col-md col-img img-wrapper\">\n                                    <img decoding=\"async\" src=\"https:\/\/test-temp-cnc.u-digital.nl\/wp-content\/uploads\/2024\/04\/CNC-Brush-On-Fiber-Banner-1-1.jpg\" alt=\"Brush-on Fiber Gel &#8211; \u00a1Nuevo!\">\n                                <\/div>\n                            <\/div>\n                                                    \n                        \n                        \n                        \n                    \n                                    \n                                                                            \n                            <div class=\"row g-0 align-items-center\">\n                                <div class=\"col-12 col-md col-img img-wrapper\">\n                                    <img decoding=\"async\" src=\"https:\/\/test-temp-cnc.u-digital.nl\/wp-content\/uploads\/2024\/04\/CNC-TPO-Banner-1.jpg\" alt=\"CNC geles UV est\u00e1n libres de TPO\">\n                                <\/div>\n                                <div class=\"col-12 col-md col-excerpt\">\n                                    <div class=\"excerpt-wrapper\">\n                                        <h4><a href=\"https:\/\/test-temp-cnc.u-digital.nl\/es\/noticias\/tpo-free\/\">CNC geles UV est\u00e1n libres de TPO<\/a><\/h4>\n                                        <p>A partir de septiembre de 2025, los productos cosm\u00e9ticos que contengan TPO ya no podr\u00e1n venderse en el mercado de la UE. \u00a1Buenas noticias!  TODOS los productos de gel UV en el cat\u00e1logo de CNC est\u00e1n libres de TPO. <\/p>\n                                        \n                                                <a href=\"https:\/\/test-temp-cnc.u-digital.nl\/es\/noticias\/tpo-free\/\" class=\"more-link\">Lee mas > ><\/a>\n                                            \n                                    <\/div>\n                                <\/div>\n                            <\/div>\n                            \n                                                    \n                        \n                        \n                        \n                    \n                                    \n                                                                            <div class=\"row g-0 align-items-center\">\n                                <div class=\"col-12 col-md col-excerpt\">\n                                    <div class=\"excerpt-wrapper\">\n                                    <h4><a href=\"https:\/\/test-temp-cnc.u-digital.nl\/es\/noticias\/cnc-hema-free-and-dihema-free-nail-gel-products\/\">CNC = Libre de HEMA y libre de DiHEMA<\/a><\/h4>\n                                    <p>TODOS los productos de nuestro cat\u00e1logo est\u00e1n libres de HEMA. \u00a1Los esmaltes en gel de CNC tambi\u00e9n est\u00e1n libres de DiHEMA! \u00a1Elabore su gama de productos sin HEMA ahora!<\/p>\n                                    \n                                            <a href=\"https:\/\/test-temp-cnc.u-digital.nl\/es\/noticias\/cnc-hema-free-and-dihema-free-nail-gel-products\/\" class=\"more-link\">Lee mas > ><\/a>\n                                        \n                                    <\/div>\n                                <\/div>\n                                <div class=\"col-12 col-md col-img img-wrapper\">\n                                    <img decoding=\"async\" src=\"https:\/\/test-temp-cnc.u-digital.nl\/wp-content\/uploads\/2023\/04\/Header-1.jpg\" alt=\"CNC = Libre de HEMA y libre de DiHEMA\">\n                                <\/div>\n                            <\/div>\n                                                    \n                        \n                        \n                        \n                    \n                                    \n                                                                            \n                            <div class=\"row g-0 align-items-center\">\n                                <div class=\"col-12 col-md col-img img-wrapper\">\n                                    <img decoding=\"async\" src=\"https:\/\/test-temp-cnc.u-digital.nl\/wp-content\/uploads\/2023\/03\/CNC-Summer-GP-Collection-2024-cnc-1.jpg\" alt=\"Colecci\u00f3n verano 2024\">\n                                <\/div>\n                                <div class=\"col-12 col-md col-excerpt\">\n                                    <div class=\"excerpt-wrapper\">\n                                        <h4><a href=\"https:\/\/test-temp-cnc.u-digital.nl\/es\/noticias\/coleccion-verano\/\">Colecci\u00f3n verano 2024<\/a><\/h4>\n                                        <p>\u00a1Disponible ahora: Colecci\u00f3n verano 2024!  \u00a1Las manicuras &#8216;Skittle&#8217; ser\u00e1n tendencia en 2024!<\/p>\n                                        \n                                                <a href=\"https:\/\/test-temp-cnc.u-digital.nl\/es\/noticias\/coleccion-verano\/\" class=\"more-link\">Lee mas > ><\/a>\n                                            \n                                    <\/div>\n                                <\/div>\n                            <\/div>\n                            \n                                                    \n                        \n                        \n                        \n                    \n                                    \n                                                                            <div class=\"row g-0 align-items-center\">\n                                <div class=\"col-12 col-md col-excerpt\">\n                                    <div class=\"excerpt-wrapper\">\n                                    <h4><a href=\"https:\/\/test-temp-cnc.u-digital.nl\/es\/noticias\/coleccion-primavera\/\">Colecci\u00f3n primavera 2024<\/a><\/h4>\n                                    <p>Adopte las \u00faltimas tendencias en moda de u\u00f1as con cinco tonos encantadores que dejar\u00e1n las u\u00f1as con un aspecto elegante y impecable sin esfuerzo.<\/p>\n                                    \n                                            <a href=\"https:\/\/test-temp-cnc.u-digital.nl\/es\/noticias\/coleccion-primavera\/\" class=\"more-link\">Lee mas > ><\/a>\n                                        \n                                    <\/div>\n                                <\/div>\n                                <div class=\"col-12 col-md col-img img-wrapper\">\n                                    <img decoding=\"async\" src=\"https:\/\/test-temp-cnc.u-digital.nl\/wp-content\/uploads\/2023\/11\/CNC-Spring-GP-Collection-2025.png\" alt=\"Colecci\u00f3n primavera 2024\">\n                                <\/div>\n                            <\/div>\n                                                    \n                        \n                        \n                        \n                    \n                                    \n                                                                            \n                            <div class=\"row g-0 align-items-center\">\n                                <div class=\"col-12 col-md col-img img-wrapper\">\n                                    <img decoding=\"async\" src=\"https:\/\/test-temp-cnc.u-digital.nl\/wp-content\/uploads\/2023\/10\/CPNP-Pag.jpg\" alt=\"Consejos para vender productos de u\u00f1as importados en la Uni\u00f3n Europea en 2023\">\n                                <\/div>\n                                <div class=\"col-12 col-md col-excerpt\">\n                                    <div class=\"excerpt-wrapper\">\n                                        <h4><a href=\"https:\/\/test-temp-cnc.u-digital.nl\/es\/noticias\/tips-for-selling-imported-nail-products-in-the-eu-in-2023\/\">Consejos para vender productos de u\u00f1as importados en la Uni\u00f3n Europea en 2023<\/a><\/h4>\n                                        <p>Los productos para u\u00f1as importados deben cumplir con la normativa sobre cosm\u00e9ticos de la UE, registrada en CPNP. En CNC puedes realizar pedidos sin preocupaciones. <\/p>\n                                        \n                                                <a href=\"https:\/\/test-temp-cnc.u-digital.nl\/es\/noticias\/tips-for-selling-imported-nail-products-in-the-eu-in-2023\/\" class=\"more-link\">Lee mas > ><\/a>\n                                            \n                                    <\/div>\n                                <\/div>\n                            <\/div>\n                            \n                                                    \n                        \n                        \n                        \n                    \n                                    \n                                                                            <div class=\"row g-0 align-items-center\">\n                                <div class=\"col-12 col-md col-excerpt\">\n                                    <div class=\"excerpt-wrapper\">\n                                    <h4><a href=\"https:\/\/test-temp-cnc.u-digital.nl\/es\/noticias\/gel-polish-glitter\/\">Esmalte brillo gel!<\/a><\/h4>\n                                    <p>\u00a1La nueva colecci\u00f3n Glitter Gel Polish de CNC ya est\u00e1 disponible! Los brillos del esmalte en gel reflejan la luz y a\u00f1aden un brillo intenso a las u\u00f1as.<\/p>\n                                    \n                                            <a href=\"https:\/\/test-temp-cnc.u-digital.nl\/es\/noticias\/gel-polish-glitter\/\" class=\"more-link\">Lee mas > ><\/a>\n                                        \n                                    <\/div>\n                                <\/div>\n                                <div class=\"col-12 col-md col-img img-wrapper\">\n                                    <img decoding=\"async\" src=\"https:\/\/test-temp-cnc.u-digital.nl\/wp-content\/uploads\/2023\/08\/CNC-Glitter-GP-Collection-2023.jpg\" alt=\"Esmalte brillo gel!\">\n                                <\/div>\n                            <\/div>\n                                                    \n                        \n                        \n                        \n                    \n                                    \n                                                                            \n                            <div class=\"row g-0 align-items-center\">\n                                <div class=\"col-12 col-md col-img img-wrapper\">\n                                    <img decoding=\"async\" src=\"https:\/\/test-temp-cnc.u-digital.nl\/wp-content\/uploads\/2023\/04\/Lamp-2.jpg\" alt=\"\u00bfQu\u00e9 tan seguros son las UV u\u00f1as lamparas?\">\n                                <\/div>\n                                <div class=\"col-12 col-md col-excerpt\">\n                                    <div class=\"excerpt-wrapper\">\n                                        <h4><a href=\"https:\/\/test-temp-cnc.u-digital.nl\/es\/noticias\/how-safe-are-uv-nail-lamps\/\">\u00bfQu\u00e9 tan seguros son las UV u\u00f1as lamparas?<\/a><\/h4>\n                                        <p>Recientemente se public\u00f3 un estudio sobre la seguridad de las l\u00e1mparas UV y que pueden aumentar el riesgo de c\u00e1ncer de piel. \nSin embargo, varios estudios muestran que el riesgo de c\u00e1ncer de piel debido a las l\u00e1mparas UV es m\u00ednimo.<\/p>\n                                        \n                                                <a href=\"https:\/\/test-temp-cnc.u-digital.nl\/es\/noticias\/how-safe-are-uv-nail-lamps\/\" class=\"more-link\">Lee mas > ><\/a>\n                                            \n                                    <\/div>\n                                <\/div>\n                            <\/div>\n                            \n                                                    \n                        \n                        \n                        \n                    \n                                    \n                                                                            <div class=\"row g-0 align-items-center\">\n                                <div class=\"col-12 col-md col-excerpt\">\n                                    <div class=\"excerpt-wrapper\">\n                                    <h4><a href=\"https:\/\/test-temp-cnc.u-digital.nl\/es\/noticias\/barbiecore-hottest-pink-nail-collection\/\">Barbiecore es tendencia: aqu\u00ed est\u00e1 nuestra selecci\u00f3n rosa m\u00e1s caliente<\/a><\/h4>\n                                    <p>Barbiecore es tendencia: aqu\u00ed est\u00e1 nuestra colecci\u00f3n de u\u00f1as rosas m\u00e1s popular<\/p>\n                                    \n                                            <a href=\"https:\/\/test-temp-cnc.u-digital.nl\/es\/noticias\/barbiecore-hottest-pink-nail-collection\/\" class=\"more-link\">Lee mas > ><\/a>\n                                        \n                                    <\/div>\n                                <\/div>\n                                <div class=\"col-12 col-md col-img img-wrapper\">\n                                    <img decoding=\"async\" src=\"https:\/\/test-temp-cnc.u-digital.nl\/wp-content\/uploads\/2023\/08\/Barbie-News.jpg\" alt=\"Barbiecore es tendencia: aqu\u00ed est\u00e1 nuestra selecci\u00f3n rosa m\u00e1s caliente\">\n                                <\/div>\n                            <\/div>\n                                                    \n                        \n                        \n                        \n                    \n                                    \n                                                                            \n                            <div class=\"row g-0 align-items-center\">\n                                <div class=\"col-12 col-md col-img img-wrapper\">\n                                    <img decoding=\"async\" src=\"https:\/\/test-temp-cnc.u-digital.nl\/wp-content\/uploads\/2023\/08\/CNC-top-gels.jpg\" alt=\"Gel superior con brillos. Nuevo!\">\n                                <\/div>\n                                <div class=\"col-12 col-md col-excerpt\">\n                                    <div class=\"excerpt-wrapper\">\n                                        <h4><a href=\"https:\/\/test-temp-cnc.u-digital.nl\/es\/noticias\/new-top-gels-with-glitter\/\">Gel superior con brillos. Nuevo!<\/a><\/h4>\n                                        <p>\u00a1Presentamos 3 nuevos colores con brillos cl\u00e1sicos en nuestros Top Gels!<\/p>\n                                        \n                                                <a href=\"https:\/\/test-temp-cnc.u-digital.nl\/es\/noticias\/new-top-gels-with-glitter\/\" class=\"more-link\">Lee mas > ><\/a>\n                                            \n                                    <\/div>\n                                <\/div>\n                            <\/div>\n                            \n                                                    \n                        \n                        \n                        \n                    \n                                                        <div class=\"row g-0 align-items-center pagination text-center\">\n                        <div class=\"col-12 col-md col-excerpt\">\n                <span aria-current=\"page\" class=\"page-numbers current\">1<\/span>\n<a class=\"page-numbers\" href=\"https:\/\/test-temp-cnc.u-digital.nl\/es\/wp-json\/wp\/v2\/pages\/1486\/page\/2\/\">2<\/a>\n<a class=\"page-numbers\" href=\"https:\/\/test-temp-cnc.u-digital.nl\/es\/wp-json\/wp\/v2\/pages\/1486\/page\/3\/\">3<\/a>\n<a class=\"next page-numbers\" href=\"https:\/\/test-temp-cnc.u-digital.nl\/es\/wp-json\/wp\/v2\/pages\/1486\/page\/2\/\">Siguiente &raquo;<\/a>                        <\/div>\n                    <\/div>\n                                <!-- End row -->\n\t\t\t\t\n\t\t\t<\/div>\n    \t  <\/div>\n    \t<\/div>\n\t<\/section>\n    \t\n\t<!--  -->\n","protected":false},"excerpt":{"rendered":"","protected":false},"author":7,"featured_media":0,"parent":0,"menu_order":0,"comment_status":"closed","ping_status":"closed","template":"","meta":{"_acf_changed":false,"inline_featured_image":false,"footnotes":""},"class_list":["post-1486","page","type-page","status-publish","hentry"],"acf":[],"yoast_head":"<!-- This site is optimized with the Yoast SEO plugin v24.8.1 - https:\/\/yoast.com\/wordpress\/plugins\/seo\/ -->\n<title>Inspirando a la industria profesional de las u\u00f1as - Noticias - CNC<\/title>\n<meta name=\"description\" content=\"\u00a1Mantente adelante en la industria profesional de las u\u00f1as con las ultimas noticias de la industria, tendencias, lanzamientos de productus y desarrollos de productos.\" \/>\n<meta name=\"robots\" content=\"index, follow, max-snippet:-1, max-image-preview:large, max-video-preview:-1\" \/>\n<link rel=\"canonical\" href=\"https:\/\/test-temp-cnc.u-digital.nl\/es\/noticias\/\" \/>\n<meta property=\"og:locale\" content=\"es_ES\" \/>\n<meta property=\"og:type\" content=\"article\" \/>\n<meta property=\"og:title\" content=\"Inspirando a la industria profesional de las u\u00f1as - Noticias - CNC\" \/>\n<meta property=\"og:description\" content=\"\u00a1Mantente adelante en la industria profesional de las u\u00f1as con las ultimas noticias de la industria, tendencias, lanzamientos de productus y desarrollos de productos.\" \/>\n<meta property=\"og:url\" content=\"https:\/\/test-temp-cnc.u-digital.nl\/es\/noticias\/\" \/>\n<meta property=\"og:site_name\" content=\"CNC International\" \/>\n<meta property=\"article:modified_time\" content=\"2022-11-29T08:21:58+00:00\" \/>\n<meta name=\"twitter:card\" content=\"summary_large_image\" \/>\n<script type=\"application\/ld+json\" class=\"yoast-schema-graph\">{\"@context\":\"https:\/\/schema.org\",\"@graph\":[{\"@type\":\"WebPage\",\"@id\":\"https:\/\/test-temp-cnc.u-digital.nl\/es\/noticias\/\",\"url\":\"https:\/\/test-temp-cnc.u-digital.nl\/es\/noticias\/\",\"name\":\"Inspirando a la industria profesional de las u\u00f1as - Noticias - CNC\",\"isPartOf\":{\"@id\":\"https:\/\/test-temp-cnc.u-digital.nl\/es\/#website\"},\"datePublished\":\"2022-02-08T15:58:53+00:00\",\"dateModified\":\"2022-11-29T08:21:58+00:00\",\"description\":\"\u00a1Mantente adelante en la industria profesional de las u\u00f1as con las ultimas noticias de la industria, tendencias, lanzamientos de productus y desarrollos de productos.\",\"breadcrumb\":{\"@id\":\"https:\/\/test-temp-cnc.u-digital.nl\/es\/noticias\/#breadcrumb\"},\"inLanguage\":\"es\",\"potentialAction\":[{\"@type\":\"ReadAction\",\"target\":[\"https:\/\/test-temp-cnc.u-digital.nl\/es\/noticias\/\"]}]},{\"@type\":\"BreadcrumbList\",\"@id\":\"https:\/\/test-temp-cnc.u-digital.nl\/es\/noticias\/#breadcrumb\",\"itemListElement\":[{\"@type\":\"ListItem\",\"position\":1,\"name\":\"Home\",\"item\":\"https:\/\/test-temp-cnc.u-digital.nl\/es\/\"},{\"@type\":\"ListItem\",\"position\":2,\"name\":\"Noticias\"}]},{\"@type\":\"WebSite\",\"@id\":\"https:\/\/test-temp-cnc.u-digital.nl\/es\/#website\",\"url\":\"https:\/\/test-temp-cnc.u-digital.nl\/es\/\",\"name\":\"CNC International\",\"description\":\"Just another WordPress site\",\"potentialAction\":[{\"@type\":\"SearchAction\",\"target\":{\"@type\":\"EntryPoint\",\"urlTemplate\":\"https:\/\/test-temp-cnc.u-digital.nl\/es\/?s={search_term_string}\"},\"query-input\":{\"@type\":\"PropertyValueSpecification\",\"valueRequired\":true,\"valueName\":\"search_term_string\"}}],\"inLanguage\":\"es\"}]}<\/script>\n<!-- \/ Yoast SEO plugin. -->","yoast_head_json":{"title":"Inspirando a la industria profesional de las u\u00f1as - Noticias - CNC","description":"\u00a1Mantente adelante en la industria profesional de las u\u00f1as con las ultimas noticias de la industria, tendencias, lanzamientos de productus y desarrollos de productos.","robots":{"index":"index","follow":"follow","max-snippet":"max-snippet:-1","max-image-preview":"max-image-preview:large","max-video-preview":"max-video-preview:-1"},"canonical":"https:\/\/test-temp-cnc.u-digital.nl\/es\/noticias\/","og_locale":"es_ES","og_type":"article","og_title":"Inspirando a la industria profesional de las u\u00f1as - Noticias - CNC","og_description":"\u00a1Mantente adelante en la industria profesional de las u\u00f1as con las ultimas noticias de la industria, tendencias, lanzamientos de productus y desarrollos de productos.","og_url":"https:\/\/test-temp-cnc.u-digital.nl\/es\/noticias\/","og_site_name":"CNC International","article_modified_time":"2022-11-29T08:21:58+00:00","twitter_card":"summary_large_image","schema":{"@context":"https:\/\/schema.org","@graph":[{"@type":"WebPage","@id":"https:\/\/test-temp-cnc.u-digital.nl\/es\/noticias\/","url":"https:\/\/test-temp-cnc.u-digital.nl\/es\/noticias\/","name":"Inspirando a la industria profesional de las u\u00f1as - Noticias - CNC","isPartOf":{"@id":"https:\/\/test-temp-cnc.u-digital.nl\/es\/#website"},"datePublished":"2022-02-08T15:58:53+00:00","dateModified":"2022-11-29T08:21:58+00:00","description":"\u00a1Mantente adelante en la industria profesional de las u\u00f1as con las ultimas noticias de la industria, tendencias, lanzamientos de productus y desarrollos de productos.","breadcrumb":{"@id":"https:\/\/test-temp-cnc.u-digital.nl\/es\/noticias\/#breadcrumb"},"inLanguage":"es","potentialAction":[{"@type":"ReadAction","target":["https:\/\/test-temp-cnc.u-digital.nl\/es\/noticias\/"]}]},{"@type":"BreadcrumbList","@id":"https:\/\/test-temp-cnc.u-digital.nl\/es\/noticias\/#breadcrumb","itemListElement":[{"@type":"ListItem","position":1,"name":"Home","item":"https:\/\/test-temp-cnc.u-digital.nl\/es\/"},{"@type":"ListItem","position":2,"name":"Noticias"}]},{"@type":"WebSite","@id":"https:\/\/test-temp-cnc.u-digital.nl\/es\/#website","url":"https:\/\/test-temp-cnc.u-digital.nl\/es\/","name":"CNC International","description":"Just another WordPress site","potentialAction":[{"@type":"SearchAction","target":{"@type":"EntryPoint","urlTemplate":"https:\/\/test-temp-cnc.u-digital.nl\/es\/?s={search_term_string}"},"query-input":{"@type":"PropertyValueSpecification","valueRequired":true,"valueName":"search_term_string"}}],"inLanguage":"es"}]}},"_links":{"self":[{"href":"https:\/\/test-temp-cnc.u-digital.nl\/es\/wp-json\/wp\/v2\/pages\/1486","targetHints":{"allow":["GET"]}}],"collection":[{"href":"https:\/\/test-temp-cnc.u-digital.nl\/es\/wp-json\/wp\/v2\/pages"}],"about":[{"href":"https:\/\/test-temp-cnc.u-digital.nl\/es\/wp-json\/wp\/v2\/types\/page"}],"author":[{"embeddable":true,"href":"https:\/\/test-temp-cnc.u-digital.nl\/es\/wp-json\/wp\/v2\/users\/7"}],"replies":[{"embeddable":true,"href":"https:\/\/test-temp-cnc.u-digital.nl\/es\/wp-json\/wp\/v2\/comments?post=1486"}],"version-history":[{"count":32,"href":"https:\/\/test-temp-cnc.u-digital.nl\/es\/wp-json\/wp\/v2\/pages\/1486\/revisions"}],"predecessor-version":[{"id":4016,"href":"https:\/\/test-temp-cnc.u-digital.nl\/es\/wp-json\/wp\/v2\/pages\/1486\/revisions\/4016"}],"wp:attachment":[{"href":"https:\/\/test-temp-cnc.u-digital.nl\/es\/wp-json\/wp\/v2\/media?parent=1486"}],"curies":[{"name":"wp","href":"https:\/\/api.w.org\/{rel}","templated":true}]}}