{"id":1420,"date":"2022-02-08T13:59:04","date_gmt":"2022-02-08T13:59:04","guid":{"rendered":"https:\/\/www.cncinternational.eu\/?page_id=1420"},"modified":"2022-09-08T11:45:09","modified_gmt":"2022-09-08T11:45:09","slug":"nachrichten","status":"publish","type":"page","link":"https:\/\/test-temp-cnc.u-digital.nl\/de\/nachrichten\/","title":{"rendered":"Nachrichten"},"content":{"rendered":"  \t\n\t  <header class=\"main-header \">\n\t\t<!-- For mobile -->\n\t\t<div class=\"d-block d-sm-none\">\n\t\t  <div class=\"container-fluid px-0\">\n\t\t\t<div class=\"container g-0\">\n\t\t\t  <div class=\"row g-0 justify-content-start align-items-center\">\n\t\t\t\t<div class=\"col-12 d-sm-none\">\n\t\t\t\t  <div class=\"header-image\">\n\t\t\t\t\t\t\t\t\t\t<img fetchpriority=\"high\" decoding=\"async\" src=\"https:\/\/test-temp-cnc.u-digital.nl\/wp-content\/uploads\/2022\/01\/Gel-polish-trend-yellow-nails.jpg\" alt=\"CNC, Inspiration f\u00fcr die professionelle Nagelindustrie\" width=\"2555\" height=\"1703\" loading=\"eager\">\n\t\t\t\t  <\/div>\n\t\t\t\t<\/div>\n\t\t\t\t<div class=\"offset-md-6 col-md-6\">\n\t\t\t\t  <div class=\"header-text\">\n\t\t\t\t\t<p class=\"mobile-title\">CNC, Inspiration f\u00fcr die professionelle Nagelindustrie<\/p>\n\t\t\t\t\t<p><span data-testid=\"comment-base-item-15424\">Alles \u00fcber unsere neuesten Entwicklungen in der Nageltechnik. Immer einen Schritt voraus, immer im Trend!<\/span><\/p>\n\t\t\t\t\t\t\t\t\t\t\t\t\t\t  <\/div>\n\t\t\t\t<\/div>\n\t\t\t  <\/div>\n\t\t\t<\/div>\n\t\t  <\/div>\n\t\t<\/div>\n\t\t<!-- \/For mobile -->\n\t\t\n\t\t<!-- For desktop -->\n\t\t<div class=\"d-none d-sm-block\">\n\t\t  <div class=\"container-fluid px-0\" >\n\t\t\t<div class=\"header-bg\" style=\"background-image: url('https:\/\/test-temp-cnc.u-digital.nl\/wp-content\/uploads\/2022\/01\/Gel-polish-trend-yellow-nails.jpg');\">\n\t\t\t\t\n\t\t\t<\/div>\n\t\t\t<div class=\"container g-0\">\n\t\t\t  <div class=\"row g-0 justify-content-start align-items-center\">\n\t\t\t\t<div class=\"offset-md-6 col-md-6\">\n\t\t\t\t  <div class=\"header-text\">\n\t\t\t\t\t<h1>CNC, Inspiration f\u00fcr die professionelle Nagelindustrie<\/h1>\n\t\t\t\t\t<p><span data-testid=\"comment-base-item-15424\">Alles \u00fcber unsere neuesten Entwicklungen in der Nageltechnik. Immer einen Schritt voraus, immer im Trend!<\/span><\/p>\n\t\t\t\t\n\t\t\t\t\t\t\t\t\t\t\t\t\t\t  <\/div>\n\t\t\t\t<\/div>\n\t\t\t  <\/div>\n\t\t\t<\/div>\n\t\t  <\/div>\n\t\t<\/div>\n\t\t<!-- \/For desktop -->\n\t  <\/header>\n\t  \n\t  \t\n\n\t<section class=\"news\">\n\t\t<div class=\"container p-0 \">\n    \t  <div class=\"row g-0\">\n\t\t\t<div class=\"col-12 overlap bg-white\">\n                                    <div class=\"welcome-box\">\n                                                    <h2>Nachrichten<\/h2>\n                                                                    <\/div>\n\t\t\t\t                          \n                                                        <!-- Start row -->\n                                    \n                                                                            \n                            <div class=\"row g-0 align-items-center\">\n                                <div class=\"col-12 col-md col-img img-wrapper\">\n                                    <img decoding=\"async\" src=\"https:\/\/test-temp-cnc.u-digital.nl\/wp-content\/uploads\/2024\/11\/CNC-Holiday-Selection-2024.jpg\" alt=\"CNCs saisonale Gel Polish Kollektion 2024: Feiern Sie stilvoll!\">\n                                <\/div>\n                                <div class=\"col-12 col-md col-excerpt\">\n                                    <div class=\"excerpt-wrapper\">\n                                        <h4><a href=\"https:\/\/test-temp-cnc.u-digital.nl\/de\/nachrichten\/cncs-saisonale-gel-polish-kollektion-2024-feiern-sie-stilvoll\/\">CNCs saisonale Gel Polish Kollektion 2024: Feiern Sie stilvoll!<\/a><\/h4>\n                                        <p>Machen Sie sich bereit f\u00fcr die festliche Jahreszeit mit CNC Internationals luxuri\u00f6ser und festlicher Private-Label-Gelpoliturkollektion f\u00fcr die Feiertage 2024! Diese saisonale Auswahl wurde speziell entworfen, um zu inspirieren, und bietet eine atemberaubende Auswahl an modischen, funkelnden und eleganten Farben, die perfekt f\u00fcr Feiertagsfeiern sind.<\/p>\n                                        \n                                                <a href=\"https:\/\/test-temp-cnc.u-digital.nl\/de\/nachrichten\/cncs-saisonale-gel-polish-kollektion-2024-feiern-sie-stilvoll\/\" class=\"more-link\">Weiterlesen > ><\/a>\n                                            \n                                    <\/div>\n                                <\/div>\n                            <\/div>\n                            \n                                                    \n                        \n                        \n                        \n                    \n                                    \n                                                                            <div class=\"row g-0 align-items-center\">\n                                <div class=\"col-12 col-md col-excerpt\">\n                                    <div class=\"excerpt-wrapper\">\n                                    <h4><a href=\"https:\/\/test-temp-cnc.u-digital.nl\/de\/nachrichten\/nagel-farben-winter\/\">Nagel farben winter 2024<\/a><\/h4>\n                                    <p>Unsere Wintern\u00e4gel 2024 Kollektion bietet eine atemberaubende Palette an Trendfarben. Winterstil vom Feinsten: Must-Have Gel-Nagellackfarben f\u00fcr 2024-2025!<\/p>\n                                    \n                                            <a href=\"https:\/\/test-temp-cnc.u-digital.nl\/de\/nachrichten\/nagel-farben-winter\/\" class=\"more-link\">Weiterlesen > ><\/a>\n                                        \n                                    <\/div>\n                                <\/div>\n                                <div class=\"col-12 col-md col-img img-wrapper\">\n                                    <img decoding=\"async\" src=\"https:\/\/test-temp-cnc.u-digital.nl\/wp-content\/uploads\/2023\/08\/NC-News-Winter-24.jpg\" alt=\"Nagel farben winter 2024\">\n                                <\/div>\n                            <\/div>\n                                                    \n                        \n                        \n                        \n                    \n                                    \n                                                                            \n                            <div class=\"row g-0 align-items-center\">\n                                <div class=\"col-12 col-md col-img img-wrapper\">\n                                    <img decoding=\"async\" src=\"https:\/\/test-temp-cnc.u-digital.nl\/wp-content\/uploads\/2023\/04\/CNC-News-Productaanbod-BOB-1445x813px-1.jpg\" alt=\"Brush-On-Builder gel!\">\n                                <\/div>\n                                <div class=\"col-12 col-md col-excerpt\">\n                                    <div class=\"excerpt-wrapper\">\n                                        <h4><a href=\"https:\/\/test-temp-cnc.u-digital.nl\/de\/nachrichten\/brush-on-builder-gel\/\">Brush-On-Builder gel!<\/a><\/h4>\n                                        <p>Das Brush-On-Builder-Gel von CNC ist ein Builder-Gel in einer Flasche, das als Gelpolitur aufgetragen wird.  7 Abdeckfarben, jetzt erweitert um 4 neue Farben.<\/p>\n                                        \n                                                <a href=\"https:\/\/test-temp-cnc.u-digital.nl\/de\/nachrichten\/brush-on-builder-gel\/\" class=\"more-link\">Weiterlesen > ><\/a>\n                                            \n                                    <\/div>\n                                <\/div>\n                            <\/div>\n                            \n                                                    \n                        \n                        \n                        \n                    \n                                    \n                                                                            <div class=\"row g-0 align-items-center\">\n                                <div class=\"col-12 col-md col-excerpt\">\n                                    <div class=\"excerpt-wrapper\">\n                                    <h4><a href=\"https:\/\/test-temp-cnc.u-digital.nl\/de\/nachrichten\/extended-uv-gel-lines\/\">Unsere neuesten Produktentwicklungen<\/a><\/h4>\n                                    <p>CNC&#8217;s erweiterte UV-Gel-Linien; 4 neue Farben Elementary Gel, 2 neue Glitzerfarben TXO Gel und 4 neue Farben Fiber Gel. HEMA &#038; TPO-frei. Erfahren Sie mehr!<\/p>\n                                    \n                                            <a href=\"https:\/\/test-temp-cnc.u-digital.nl\/de\/nachrichten\/extended-uv-gel-lines\/\" class=\"more-link\">Weiterlesen > ><\/a>\n                                        \n                                    <\/div>\n                                <\/div>\n                                <div class=\"col-12 col-md col-img img-wrapper\">\n                                    <img decoding=\"async\" src=\"https:\/\/test-temp-cnc.u-digital.nl\/wp-content\/uploads\/2024\/04\/CNC-TXO-Gel-Banner.jpg\" alt=\"Unsere neuesten Produktentwicklungen\">\n                                <\/div>\n                            <\/div>\n                                                    \n                        \n                        \n                        \n                    \n                                    \n                                                                            \n                            <div class=\"row g-0 align-items-center\">\n                                <div class=\"col-12 col-md col-img img-wrapper\">\n                                    <img decoding=\"async\" src=\"https:\/\/test-temp-cnc.u-digital.nl\/wp-content\/uploads\/2024\/04\/CNC-Fall-GP-Collection-2024.jpg\" alt=\"Herbst n\u00e4gel kollektion 2024\">\n                                <\/div>\n                                <div class=\"col-12 col-md col-excerpt\">\n                                    <div class=\"excerpt-wrapper\">\n                                        <h4><a href=\"https:\/\/test-temp-cnc.u-digital.nl\/de\/nachrichten\/herbst-naegel-kollektion\/\">Herbst n\u00e4gel kollektion 2024<\/a><\/h4>\n                                        <p>Die besten Modetrends f\u00fcr Herbst 2024 finden Sie in der CNC Herbst-Gel-Politur-Kollektion!<\/p>\n                                        \n                                                <a href=\"https:\/\/test-temp-cnc.u-digital.nl\/de\/nachrichten\/herbst-naegel-kollektion\/\" class=\"more-link\">Weiterlesen > ><\/a>\n                                            \n                                    <\/div>\n                                <\/div>\n                            <\/div>\n                            \n                                                    \n                        \n                        \n                        \n                    \n                                    \n                                                                            <div class=\"row g-0 align-items-center\">\n                                <div class=\"col-12 col-md col-excerpt\">\n                                    <div class=\"excerpt-wrapper\">\n                                    <h4><a href=\"https:\/\/test-temp-cnc.u-digital.nl\/de\/nachrichten\/brush-on-fiber-gel\/\">Brush-on Fiber Gel \u2013 Neu!!<\/a><\/h4>\n                                    <p>Das neueste UV-Gel von CNC: Brush-on Fiber Gel. Hartes und flexibles Builder-Gel in einer Flasche, einfach aufzutragen wie Gel-Politur. HEMA &#038; TPO-frei. Mehr erfahren.<\/p>\n                                    \n                                            <a href=\"https:\/\/test-temp-cnc.u-digital.nl\/de\/nachrichten\/brush-on-fiber-gel\/\" class=\"more-link\">Weiterlesen > ><\/a>\n                                        \n                                    <\/div>\n                                <\/div>\n                                <div class=\"col-12 col-md col-img img-wrapper\">\n                                    <img decoding=\"async\" src=\"https:\/\/test-temp-cnc.u-digital.nl\/wp-content\/uploads\/2024\/04\/CNC-Brush-On-Fiber-Banner-1-1.jpg\" alt=\"Brush-on Fiber Gel \u2013 Neu!!\">\n                                <\/div>\n                            <\/div>\n                                                    \n                        \n                        \n                        \n                    \n                                    \n                                                                            \n                            <div class=\"row g-0 align-items-center\">\n                                <div class=\"col-12 col-md col-img img-wrapper\">\n                                    <img decoding=\"async\" src=\"https:\/\/test-temp-cnc.u-digital.nl\/wp-content\/uploads\/2024\/04\/CNC-TPO-Banner-1.jpg\" alt=\"Alle CNC UV-Gele sind frei von TPO\">\n                                <\/div>\n                                <div class=\"col-12 col-md col-excerpt\">\n                                    <div class=\"excerpt-wrapper\">\n                                        <h4><a href=\"https:\/\/test-temp-cnc.u-digital.nl\/de\/nachrichten\/tpo-free\/\">Alle CNC UV-Gele sind frei von TPO<\/a><\/h4>\n                                        <p>Ab September 2025 d\u00fcrfen kosmetische Produkte, die TPO enthalten, nicht mehr auf dem EU-Markt verkauft werden. Gute Nachrichten! Alle UV-Gel-Produkte im CNC-Katalog sind frei von TPO.  <\/p>\n                                        \n                                                <a href=\"https:\/\/test-temp-cnc.u-digital.nl\/de\/nachrichten\/tpo-free\/\" class=\"more-link\">Weiterlesen > ><\/a>\n                                            \n                                    <\/div>\n                                <\/div>\n                            <\/div>\n                            \n                                                    \n                        \n                        \n                        \n                    \n                                    \n                                                                            <div class=\"row g-0 align-items-center\">\n                                <div class=\"col-12 col-md col-excerpt\">\n                                    <div class=\"excerpt-wrapper\">\n                                    <h4><a href=\"https:\/\/test-temp-cnc.u-digital.nl\/de\/nachrichten\/sommerkollektion-nagelfarben\/\">Sommerkollektion &#8211; nagelfarben 2024<\/a><\/h4>\n                                    <p>Jetzt verf\u00fcgbar: Sommerkollektion 2024. &#8218;Skittle-Manik\u00fcren&#8216; werden 2024 im Trend sein!<\/p>\n                                    \n                                            <a href=\"https:\/\/test-temp-cnc.u-digital.nl\/de\/nachrichten\/sommerkollektion-nagelfarben\/\" class=\"more-link\">Weiterlesen > ><\/a>\n                                        \n                                    <\/div>\n                                <\/div>\n                                <div class=\"col-12 col-md col-img img-wrapper\">\n                                    <img decoding=\"async\" src=\"https:\/\/test-temp-cnc.u-digital.nl\/wp-content\/uploads\/2023\/03\/CNC-Summer-GP-Collection-2024-cnc-1.jpg\" alt=\"Sommerkollektion &#8211; nagelfarben 2024\">\n                                <\/div>\n                            <\/div>\n                                                    \n                        \n                        \n                        \n                    \n                                    \n                                                                            \n                            <div class=\"row g-0 align-items-center\">\n                                <div class=\"col-12 col-md col-img img-wrapper\">\n                                    <img decoding=\"async\" src=\"https:\/\/test-temp-cnc.u-digital.nl\/wp-content\/uploads\/2023\/03\/Banner-Beeld-2.jpg\" alt=\"UNGIFTIGE 15-freie UV-Gele @ CNC International\">\n                                <\/div>\n                                <div class=\"col-12 col-md col-excerpt\">\n                                    <div class=\"excerpt-wrapper\">\n                                        <h4><a href=\"https:\/\/test-temp-cnc.u-digital.nl\/de\/nachrichten\/non-toxic-15-free-uv-gels\/\">UNGIFTIGE 15-freie UV-Gele @ CNC International<\/a><\/h4>\n                                        <p>Alle UV-Gele und Gel-Nagellacke von CNC sind 15-frei. Unser Ziel ist es, Nagelprodukte nur mit den sichersten Inhaltsstoffen herzustellen. Es ist schwierig, nat\u00fcrliche\/organische Nagelprodukte herzustellen, aber wir haben einen Weg gefunden, UV-Nagelprodukte ohne die 15 giftigsten Chemikalien herzustellen.<\/p>\n                                        \n                                                <a href=\"https:\/\/test-temp-cnc.u-digital.nl\/de\/nachrichten\/non-toxic-15-free-uv-gels\/\" class=\"more-link\">Weiterlesen > ><\/a>\n                                            \n                                    <\/div>\n                                <\/div>\n                            <\/div>\n                            \n                                                    \n                        \n                        \n                        \n                    \n                                    \n                                                                            <div class=\"row g-0 align-items-center\">\n                                <div class=\"col-12 col-md col-excerpt\">\n                                    <div class=\"excerpt-wrapper\">\n                                    <h4><a href=\"https:\/\/test-temp-cnc.u-digital.nl\/de\/nachrichten\/cnc-hema-free-and-dihema-free-nail-gel-products\/\">CNC = HEMA- und DiHEMA-frei<\/a><\/h4>\n                                    <p>ALLE Produkte aus unserem Katalog sind HEMA-frei. Die Gellacke von CNC sind ebenso DiHEMA-frei! Stellen Sie jetzt Ihre HEMA-freie Produktpalette zusammen!<\/p>\n                                    \n                                            <a href=\"https:\/\/test-temp-cnc.u-digital.nl\/de\/nachrichten\/cnc-hema-free-and-dihema-free-nail-gel-products\/\" class=\"more-link\">Weiterlesen > ><\/a>\n                                        \n                                    <\/div>\n                                <\/div>\n                                <div class=\"col-12 col-md col-img img-wrapper\">\n                                    <img decoding=\"async\" src=\"https:\/\/test-temp-cnc.u-digital.nl\/wp-content\/uploads\/2023\/04\/Header-1.jpg\" alt=\"CNC = HEMA- und DiHEMA-frei\">\n                                <\/div>\n                            <\/div>\n                                                    \n                        \n                        \n                        \n                    \n                                    \n                                                                            \n                            <div class=\"row g-0 align-items-center\">\n                                <div class=\"col-12 col-md col-img img-wrapper\">\n                                    <img decoding=\"async\" src=\"https:\/\/test-temp-cnc.u-digital.nl\/wp-content\/uploads\/2023\/11\/CNC-Spring-GP-Collection-2025.png\" alt=\"Fr\u00fchjahrskollektion 2024\">\n                                <\/div>\n                                <div class=\"col-12 col-md col-excerpt\">\n                                    <div class=\"excerpt-wrapper\">\n                                        <h4><a href=\"https:\/\/test-temp-cnc.u-digital.nl\/de\/nachrichten\/spring-collection-2024\/\">Fr\u00fchjahrskollektion 2024<\/a><\/h4>\n                                        <p>Begr\u00fc\u00dfen Sie die neuesten Trends in der Nagelmode mit f\u00fcnf bezaubernden Farbt\u00f6nen, die den N\u00e4geln m\u00fchelose Eleganz und Trendbewusstsein verleihen werden.<\/p>\n                                        \n                                                <a href=\"https:\/\/test-temp-cnc.u-digital.nl\/de\/nachrichten\/spring-collection-2024\/\" class=\"more-link\">Weiterlesen > ><\/a>\n                                            \n                                    <\/div>\n                                <\/div>\n                            <\/div>\n                            \n                                                    \n                        \n                        \n                        \n                    \n                                    \n                                                                            <div class=\"row g-0 align-items-center\">\n                                <div class=\"col-12 col-md col-excerpt\">\n                                    <div class=\"excerpt-wrapper\">\n                                    <h4><a href=\"https:\/\/test-temp-cnc.u-digital.nl\/de\/nachrichten\/tips-for-selling-imported-nail-products-in-the-eu-in-2023\/\">Tipps f\u00fcr den Verkauf importierten Nagelprodukte in der EU im Jahr 2023<\/a><\/h4>\n                                    <p>Importierten Nagelprodukte m\u00fcssen der EU-Kosmetikverordnung entsprechen und im CPNP registriert sein. Bei CNC k\u00f6nnen Sie sorgenlos bestellen. Lesen Sie mehr.<\/p>\n                                    \n                                            <a href=\"https:\/\/test-temp-cnc.u-digital.nl\/de\/nachrichten\/tips-for-selling-imported-nail-products-in-the-eu-in-2023\/\" class=\"more-link\">Weiterlesen > ><\/a>\n                                        \n                                    <\/div>\n                                <\/div>\n                                <div class=\"col-12 col-md col-img img-wrapper\">\n                                    <img decoding=\"async\" src=\"https:\/\/test-temp-cnc.u-digital.nl\/wp-content\/uploads\/2023\/10\/CPNP-Pag.jpg\" alt=\"Tipps f\u00fcr den Verkauf importierten Nagelprodukte in der EU im Jahr 2023\">\n                                <\/div>\n                            <\/div>\n                                                    \n                        \n                        \n                        \n                    \n                                    \n                                                                            \n                            <div class=\"row g-0 align-items-center\">\n                                <div class=\"col-12 col-md col-img img-wrapper\">\n                                    <img decoding=\"async\" src=\"https:\/\/test-temp-cnc.u-digital.nl\/wp-content\/uploads\/2022\/04\/CNC-Sparkle-Crosslink-Gel.png\" alt=\"Neu! Das Cross Link Gel Sparkle von CNC\">\n                                <\/div>\n                                <div class=\"col-12 col-md col-excerpt\">\n                                    <div class=\"excerpt-wrapper\">\n                                        <h4><a href=\"https:\/\/test-temp-cnc.u-digital.nl\/de\/nachrichten\/neuheit-das-cross-link-gel-sparkle-von-cnc\/\">Neu! Das Cross Link Gel Sparkle von CNC<\/a><\/h4>\n                                        <p>Ihr bestes Basic mit einem Twist. Das Bestseller-Sortiment von CNC wird um 2 funkelnde Farben erweitert: Cross Link Sparkle Natural Extension und Cross Link Sparkle Pastel Pink.<\/p>\n                                        \n                                                <a href=\"https:\/\/test-temp-cnc.u-digital.nl\/de\/nachrichten\/neuheit-das-cross-link-gel-sparkle-von-cnc\/\" class=\"more-link\">Weiterlesen > ><\/a>\n                                            \n                                    <\/div>\n                                <\/div>\n                            <\/div>\n                            \n                                                    \n                        \n                        \n                        \n                    \n                                    \n                                                                            <div class=\"row g-0 align-items-center\">\n                                <div class=\"col-12 col-md col-excerpt\">\n                                    <div class=\"excerpt-wrapper\">\n                                    <h4><a href=\"https:\/\/test-temp-cnc.u-digital.nl\/de\/nachrichten\/gel-polish-glitter\/\">Gel-nagellack Glitzer!<\/a><\/h4>\n                                    <p>Die neue Glitter Gel Polish-Kollektion von CNC ist jetzt erh\u00e4ltlich! Die Glitzer im Gellack reflektieren das Licht und verleihen den N\u00e4geln einen strahlenden Glanz.<\/p>\n                                    \n                                            <a href=\"https:\/\/test-temp-cnc.u-digital.nl\/de\/nachrichten\/gel-polish-glitter\/\" class=\"more-link\">Weiterlesen > ><\/a>\n                                        \n                                    <\/div>\n                                <\/div>\n                                <div class=\"col-12 col-md col-img img-wrapper\">\n                                    <img decoding=\"async\" src=\"https:\/\/test-temp-cnc.u-digital.nl\/wp-content\/uploads\/2023\/08\/CNC-Glitter-GP-Collection-2023.jpg\" alt=\"Gel-nagellack Glitzer!\">\n                                <\/div>\n                            <\/div>\n                                                    \n                        \n                        \n                        \n                    \n                                    \n                                                                            \n                            <div class=\"row g-0 align-items-center\">\n                                <div class=\"col-12 col-md col-img img-wrapper\">\n                                    <img decoding=\"async\" src=\"https:\/\/test-temp-cnc.u-digital.nl\/wp-content\/uploads\/2023\/08\/Barbie-News.jpg\" alt=\"Barbiecore liegt im trend: Hier ist unsere heissste rosa auswahl\">\n                                <\/div>\n                                <div class=\"col-12 col-md col-excerpt\">\n                                    <div class=\"excerpt-wrapper\">\n                                        <h4><a href=\"https:\/\/test-temp-cnc.u-digital.nl\/de\/nachrichten\/barbiecore-hottest-pink-nail-collection\/\">Barbiecore liegt im trend: Hier ist unsere heissste rosa auswahl<\/a><\/h4>\n                                        <p>Barbiecore ist im Trend: Hier ist unsere hei\u00dfeste rosa Nagelkollektion<\/p>\n                                        \n                                                <a href=\"https:\/\/test-temp-cnc.u-digital.nl\/de\/nachrichten\/barbiecore-hottest-pink-nail-collection\/\" class=\"more-link\">Weiterlesen > ><\/a>\n                                            \n                                    <\/div>\n                                <\/div>\n                            <\/div>\n                            \n                                                    \n                        \n                        \n                        \n                    \n                                                        <div class=\"row g-0 align-items-center pagination text-center\">\n                        <div class=\"col-12 col-md col-excerpt\">\n                <span aria-current=\"page\" class=\"page-numbers current\">1<\/span>\n<a class=\"page-numbers\" href=\"https:\/\/test-temp-cnc.u-digital.nl\/de\/wp-json\/wp\/v2\/pages\/1420\/page\/2\/\">2<\/a>\n<a class=\"next page-numbers\" href=\"https:\/\/test-temp-cnc.u-digital.nl\/de\/wp-json\/wp\/v2\/pages\/1420\/page\/2\/\">Weiter &raquo;<\/a>                        <\/div>\n                    <\/div>\n                                <!-- End row -->\n\t\t\t\t\n\t\t\t<\/div>\n    \t  <\/div>\n    \t<\/div>\n\t<\/section>\n    \t\n\t<!--  -->\n","protected":false},"excerpt":{"rendered":"","protected":false},"author":7,"featured_media":0,"parent":0,"menu_order":0,"comment_status":"closed","ping_status":"closed","template":"","meta":{"_acf_changed":false,"inline_featured_image":false,"footnotes":""},"class_list":["post-1420","page","type-page","status-publish","hentry"],"acf":[],"yoast_head":"<!-- This site is optimized with the Yoast SEO plugin v24.8.1 - https:\/\/yoast.com\/wordpress\/plugins\/seo\/ -->\n<title>Nachrichten - CNC International<\/title>\n<meta name=\"robots\" content=\"index, follow, max-snippet:-1, max-image-preview:large, max-video-preview:-1\" \/>\n<link rel=\"canonical\" href=\"https:\/\/test-temp-cnc.u-digital.nl\/de\/nachrichten\/\" \/>\n<meta property=\"og:locale\" content=\"de_DE\" \/>\n<meta property=\"og:type\" content=\"article\" \/>\n<meta property=\"og:title\" content=\"Nachrichten - CNC International\" \/>\n<meta property=\"og:url\" content=\"https:\/\/test-temp-cnc.u-digital.nl\/de\/nachrichten\/\" \/>\n<meta property=\"og:site_name\" content=\"CNC International\" \/>\n<meta property=\"article:modified_time\" content=\"2022-09-08T11:45:09+00:00\" \/>\n<meta name=\"twitter:card\" content=\"summary_large_image\" \/>\n<script type=\"application\/ld+json\" class=\"yoast-schema-graph\">{\"@context\":\"https:\/\/schema.org\",\"@graph\":[{\"@type\":\"WebPage\",\"@id\":\"https:\/\/test-temp-cnc.u-digital.nl\/de\/nachrichten\/\",\"url\":\"https:\/\/test-temp-cnc.u-digital.nl\/de\/nachrichten\/\",\"name\":\"Nachrichten - CNC International\",\"isPartOf\":{\"@id\":\"https:\/\/test-temp-cnc.u-digital.nl\/de\/#website\"},\"datePublished\":\"2022-02-08T13:59:04+00:00\",\"dateModified\":\"2022-09-08T11:45:09+00:00\",\"breadcrumb\":{\"@id\":\"https:\/\/test-temp-cnc.u-digital.nl\/de\/nachrichten\/#breadcrumb\"},\"inLanguage\":\"de\",\"potentialAction\":[{\"@type\":\"ReadAction\",\"target\":[\"https:\/\/test-temp-cnc.u-digital.nl\/de\/nachrichten\/\"]}]},{\"@type\":\"BreadcrumbList\",\"@id\":\"https:\/\/test-temp-cnc.u-digital.nl\/de\/nachrichten\/#breadcrumb\",\"itemListElement\":[{\"@type\":\"ListItem\",\"position\":1,\"name\":\"Home\",\"item\":\"https:\/\/test-temp-cnc.u-digital.nl\/de\/\"},{\"@type\":\"ListItem\",\"position\":2,\"name\":\"Nachrichten\"}]},{\"@type\":\"WebSite\",\"@id\":\"https:\/\/test-temp-cnc.u-digital.nl\/de\/#website\",\"url\":\"https:\/\/test-temp-cnc.u-digital.nl\/de\/\",\"name\":\"CNC International\",\"description\":\"Just another WordPress site\",\"potentialAction\":[{\"@type\":\"SearchAction\",\"target\":{\"@type\":\"EntryPoint\",\"urlTemplate\":\"https:\/\/test-temp-cnc.u-digital.nl\/de\/?s={search_term_string}\"},\"query-input\":{\"@type\":\"PropertyValueSpecification\",\"valueRequired\":true,\"valueName\":\"search_term_string\"}}],\"inLanguage\":\"de\"}]}<\/script>\n<!-- \/ Yoast SEO plugin. -->","yoast_head_json":{"title":"Nachrichten - CNC International","robots":{"index":"index","follow":"follow","max-snippet":"max-snippet:-1","max-image-preview":"max-image-preview:large","max-video-preview":"max-video-preview:-1"},"canonical":"https:\/\/test-temp-cnc.u-digital.nl\/de\/nachrichten\/","og_locale":"de_DE","og_type":"article","og_title":"Nachrichten - CNC International","og_url":"https:\/\/test-temp-cnc.u-digital.nl\/de\/nachrichten\/","og_site_name":"CNC International","article_modified_time":"2022-09-08T11:45:09+00:00","twitter_card":"summary_large_image","schema":{"@context":"https:\/\/schema.org","@graph":[{"@type":"WebPage","@id":"https:\/\/test-temp-cnc.u-digital.nl\/de\/nachrichten\/","url":"https:\/\/test-temp-cnc.u-digital.nl\/de\/nachrichten\/","name":"Nachrichten - CNC International","isPartOf":{"@id":"https:\/\/test-temp-cnc.u-digital.nl\/de\/#website"},"datePublished":"2022-02-08T13:59:04+00:00","dateModified":"2022-09-08T11:45:09+00:00","breadcrumb":{"@id":"https:\/\/test-temp-cnc.u-digital.nl\/de\/nachrichten\/#breadcrumb"},"inLanguage":"de","potentialAction":[{"@type":"ReadAction","target":["https:\/\/test-temp-cnc.u-digital.nl\/de\/nachrichten\/"]}]},{"@type":"BreadcrumbList","@id":"https:\/\/test-temp-cnc.u-digital.nl\/de\/nachrichten\/#breadcrumb","itemListElement":[{"@type":"ListItem","position":1,"name":"Home","item":"https:\/\/test-temp-cnc.u-digital.nl\/de\/"},{"@type":"ListItem","position":2,"name":"Nachrichten"}]},{"@type":"WebSite","@id":"https:\/\/test-temp-cnc.u-digital.nl\/de\/#website","url":"https:\/\/test-temp-cnc.u-digital.nl\/de\/","name":"CNC International","description":"Just another WordPress site","potentialAction":[{"@type":"SearchAction","target":{"@type":"EntryPoint","urlTemplate":"https:\/\/test-temp-cnc.u-digital.nl\/de\/?s={search_term_string}"},"query-input":{"@type":"PropertyValueSpecification","valueRequired":true,"valueName":"search_term_string"}}],"inLanguage":"de"}]}},"_links":{"self":[{"href":"https:\/\/test-temp-cnc.u-digital.nl\/de\/wp-json\/wp\/v2\/pages\/1420","targetHints":{"allow":["GET"]}}],"collection":[{"href":"https:\/\/test-temp-cnc.u-digital.nl\/de\/wp-json\/wp\/v2\/pages"}],"about":[{"href":"https:\/\/test-temp-cnc.u-digital.nl\/de\/wp-json\/wp\/v2\/types\/page"}],"author":[{"embeddable":true,"href":"https:\/\/test-temp-cnc.u-digital.nl\/de\/wp-json\/wp\/v2\/users\/7"}],"replies":[{"embeddable":true,"href":"https:\/\/test-temp-cnc.u-digital.nl\/de\/wp-json\/wp\/v2\/comments?post=1420"}],"version-history":[{"count":27,"href":"https:\/\/test-temp-cnc.u-digital.nl\/de\/wp-json\/wp\/v2\/pages\/1420\/revisions"}],"predecessor-version":[{"id":3790,"href":"https:\/\/test-temp-cnc.u-digital.nl\/de\/wp-json\/wp\/v2\/pages\/1420\/revisions\/3790"}],"wp:attachment":[{"href":"https:\/\/test-temp-cnc.u-digital.nl\/de\/wp-json\/wp\/v2\/media?parent=1420"}],"curies":[{"name":"wp","href":"https:\/\/api.w.org\/{rel}","templated":true}]}}